{"id":259,"date":"2019-10-16T16:49:29","date_gmt":"2019-10-16T14:49:29","guid":{"rendered":"https:\/\/osteolana.fr\/?page_id=259"},"modified":"2023-01-18T15:23:01","modified_gmt":"2023-01-18T14:23:01","slug":"a-propos","status":"publish","type":"page","link":"https:\/\/osteolana.fr\/index.php\/a-propos\/","title":{"rendered":"A propos"},"content":{"rendered":"\n<p><span style=\"font-size: 18pt; color: #33cccc;\"><strong> <img loading=\"lazy\" decoding=\"async\" class=\"alignnone  wp-image-418\" src=\"https:\/\/osteolana.fr\/wp-content\/uploads\/2023\/01\/icone-ok-300x300.png\" alt=\"\" width=\"19\" height=\"19\" srcset=\"https:\/\/osteolana.fr\/wp-content\/uploads\/2023\/01\/icone-ok-300x300.png 300w, https:\/\/osteolana.fr\/wp-content\/uploads\/2023\/01\/icone-ok-150x150.png 150w, https:\/\/osteolana.fr\/wp-content\/uploads\/2023\/01\/icone-ok-250x251.png 250w, https:\/\/osteolana.fr\/wp-content\/uploads\/2023\/01\/icone-ok-100x100.png 100w, https:\/\/osteolana.fr\/wp-content\/uploads\/2023\/01\/icone-ok.png 342w\" sizes=\"(max-width: 19px) 100vw, 19px\" \/> <span style=\"color: #569989;\">OSTEOLANA<\/span><\/strong><\/span><\/p>\n<p style=\"text-align: justify;\"><span style=\"font-family: verdana, geneva, sans-serif; font-size: 12pt;\"><strong>OSTEOLANA<\/strong> a \u00e9t\u00e9 fond\u00e9 par Johanna HIRIGOYEN, ost\u00e9opathe \u00e0 Bayonne dipl\u00f4m\u00e9e d&rsquo;une \u00e9cole agr\u00e9e par le Minist\u00e8re de la Sant\u00e9.<\/span><\/p>\n<p><img loading=\"lazy\" decoding=\"async\" class=\" wp-image-271 aligncenter\" src=\"https:\/\/osteolana.fr\/wp-content\/uploads\/2019\/10\/Capture-4-300x214.png\" alt=\"\" width=\"254\" height=\"181\" srcset=\"https:\/\/osteolana.fr\/wp-content\/uploads\/2019\/10\/Capture-4-300x214.png 300w, https:\/\/osteolana.fr\/wp-content\/uploads\/2019\/10\/Capture-4-360x257.png 360w, https:\/\/osteolana.fr\/wp-content\/uploads\/2019\/10\/Capture-4-250x178.png 250w, https:\/\/osteolana.fr\/wp-content\/uploads\/2019\/10\/Capture-4-100x71.png 100w, https:\/\/osteolana.fr\/wp-content\/uploads\/2019\/10\/Capture-4.png 503w\" sizes=\"(max-width: 254px) 100vw, 254px\" \/><\/p>\n<p>\u00a0<\/p>\n<p style=\"text-align: justify;\"><span style=\"font-family: verdana, geneva, sans-serif; font-size: 12pt;\">Le r\u00e9seau <strong>OSTEOLANA<\/strong>, cr\u00e9e en 2017, regroupe des ost\u00e9opathes qui interviennent sur toute la France en entreprise.<\/span><\/p>\n<p><img loading=\"lazy\" decoding=\"async\" class=\"wp-image-484 aligncenter\" src=\"https:\/\/osteolana.fr\/wp-content\/uploads\/2023\/01\/icone-accord-300x278.png\" alt=\"\" width=\"123\" height=\"114\" srcset=\"https:\/\/osteolana.fr\/wp-content\/uploads\/2023\/01\/icone-accord-300x278.png 300w, https:\/\/osteolana.fr\/wp-content\/uploads\/2023\/01\/icone-accord-768x711.png 768w, https:\/\/osteolana.fr\/wp-content\/uploads\/2023\/01\/icone-accord-700x648.png 700w, https:\/\/osteolana.fr\/wp-content\/uploads\/2023\/01\/icone-accord-520x481.png 520w, https:\/\/osteolana.fr\/wp-content\/uploads\/2023\/01\/icone-accord-360x333.png 360w, https:\/\/osteolana.fr\/wp-content\/uploads\/2023\/01\/icone-accord-250x231.png 250w, https:\/\/osteolana.fr\/wp-content\/uploads\/2023\/01\/icone-accord-100x93.png 100w, https:\/\/osteolana.fr\/wp-content\/uploads\/2023\/01\/icone-accord.png 877w\" sizes=\"(max-width: 123px) 100vw, 123px\" \/><\/p>\n<p>\u00a0<\/p>\n<p><strong><span style=\"color: #33cccc; font-size: 18pt;\"><img loading=\"lazy\" decoding=\"async\" class=\"alignnone  wp-image-418\" src=\"https:\/\/osteolana.fr\/wp-content\/uploads\/2023\/01\/icone-ok-300x300.png\" alt=\"\" width=\"19\" height=\"19\" srcset=\"https:\/\/osteolana.fr\/wp-content\/uploads\/2023\/01\/icone-ok-300x300.png 300w, https:\/\/osteolana.fr\/wp-content\/uploads\/2023\/01\/icone-ok-150x150.png 150w, https:\/\/osteolana.fr\/wp-content\/uploads\/2023\/01\/icone-ok-250x251.png 250w, https:\/\/osteolana.fr\/wp-content\/uploads\/2023\/01\/icone-ok-100x100.png 100w, https:\/\/osteolana.fr\/wp-content\/uploads\/2023\/01\/icone-ok.png 342w\" sizes=\"(max-width: 19px) 100vw, 19px\" \/> <span style=\"color: #569989;\">NOS OBJECTIFS<\/span><\/span><\/strong><\/p>\n<p style=\"text-align: justify;\"><span style=\"font-family: verdana, geneva, sans-serif; font-size: 12pt;\"><strong>OSTEOLANA<\/strong> propose une prise en charge de qualit\u00e9 en entreprise.<\/span><\/p>\n<p style=\"text-align: justify;\"><span style=\"font-family: verdana, geneva, sans-serif; font-size: 12pt;\">Un des objectifs majeur est <strong>la lutte contre les TMS<\/strong> (troubles musculo-squelettiques), 1\u00e8re maladie professionnelle reconnue en France et en constante \u00e9volution depuis ses 10 derni\u00e8res ann\u00e9es.<\/span><\/p>\n<p>\u00a0<\/p>\n<p><img loading=\"lazy\" decoding=\"async\" class=\"wp-image-369 aligncenter\" src=\"https:\/\/osteolana.fr\/wp-content\/uploads\/2023\/01\/ICONE-300x295.png\" alt=\"\" width=\"123\" height=\"121\" srcset=\"https:\/\/osteolana.fr\/wp-content\/uploads\/2023\/01\/ICONE-300x295.png 300w, https:\/\/osteolana.fr\/wp-content\/uploads\/2023\/01\/ICONE-520x512.png 520w, https:\/\/osteolana.fr\/wp-content\/uploads\/2023\/01\/ICONE-360x354.png 360w, https:\/\/osteolana.fr\/wp-content\/uploads\/2023\/01\/ICONE-250x246.png 250w, https:\/\/osteolana.fr\/wp-content\/uploads\/2023\/01\/ICONE-100x98.png 100w, https:\/\/osteolana.fr\/wp-content\/uploads\/2023\/01\/ICONE.png 553w\" sizes=\"(max-width: 123px) 100vw, 123px\" \/><\/p>\n<p>\u00a0<\/p>\n<p>\u00a0<\/p>\n<p><span style=\"font-size: 18pt;\"><strong><span style=\"color: #33cccc;\"><img loading=\"lazy\" decoding=\"async\" class=\"alignnone  wp-image-418\" src=\"https:\/\/osteolana.fr\/wp-content\/uploads\/2023\/01\/icone-ok-300x300.png\" alt=\"\" width=\"19\" height=\"19\" srcset=\"https:\/\/osteolana.fr\/wp-content\/uploads\/2023\/01\/icone-ok-300x300.png 300w, https:\/\/osteolana.fr\/wp-content\/uploads\/2023\/01\/icone-ok-150x150.png 150w, https:\/\/osteolana.fr\/wp-content\/uploads\/2023\/01\/icone-ok-250x251.png 250w, https:\/\/osteolana.fr\/wp-content\/uploads\/2023\/01\/icone-ok-100x100.png 100w, https:\/\/osteolana.fr\/wp-content\/uploads\/2023\/01\/icone-ok.png 342w\" sizes=\"(max-width: 19px) 100vw, 19px\" \/> <span style=\"color: #569989;\">NOS\u00a0<\/span><\/span><\/strong><\/span><span style=\"color: #569989;\"><span style=\"font-size: 24px;\"><b>OST\u00c9OPATHES<\/b><\/span><\/span><\/p>\n<p style=\"text-align: justify;\"><span style=\"font-family: verdana, geneva, sans-serif; font-size: 12pt;\">Nos ost\u00e9opathes sont tous issus d&rsquo;\u00e9coles agr\u00e9\u00e9es par le Minist\u00e8re de la Sant\u00e9 apr\u00e8s <strong>5 ann\u00e9es d&rsquo;\u00e9tudes<\/strong>.\u00a0<\/span><\/p>\n<p style=\"text-align: justify;\"><span style=\"font-family: verdana, geneva, sans-serif; font-size: 12pt;\"><strong>OSTEOLANA,<\/strong>\u00a0<strong>sp\u00e9cialiste des consultations d&rsquo;ost\u00e9opathie en entreprise<\/strong>,\u00a0met en place des interventions cibl\u00e9es qui correspondent\u00a0<strong>aux besoins sp\u00e9cifiques de votre entreprise<\/strong>.<\/span><\/p>\n<p>\u00a0<\/p>\n<p><img loading=\"lazy\" decoding=\"async\" class=\"wp-image-404 aligncenter\" src=\"https:\/\/osteolana.fr\/wp-content\/uploads\/2023\/01\/image-massage-293x300.png\" alt=\"\" width=\"116\" height=\"119\" srcset=\"https:\/\/osteolana.fr\/wp-content\/uploads\/2023\/01\/image-massage-293x300.png 293w, https:\/\/osteolana.fr\/wp-content\/uploads\/2023\/01\/image-massage-360x369.png 360w, https:\/\/osteolana.fr\/wp-content\/uploads\/2023\/01\/image-massage-250x256.png 250w, https:\/\/osteolana.fr\/wp-content\/uploads\/2023\/01\/image-massage-100x103.png 100w, https:\/\/osteolana.fr\/wp-content\/uploads\/2023\/01\/image-massage.png 430w\" sizes=\"(max-width: 116px) 100vw, 116px\" \/><\/p>\n<p>\u00a0<\/p>\n","protected":false},"excerpt":{"rendered":"<p>OSTEOLANA OSTEOLANA a \u00e9t\u00e9 fond\u00e9 par Johanna HIRIGOYEN, ost\u00e9opathe \u00e0 Bayonne dipl\u00f4m\u00e9e d&rsquo;une \u00e9cole agr\u00e9e par le Minist\u00e8re de la Sant\u00e9. \u00a0 Le r\u00e9seau OSTEOLANA, cr\u00e9e en 2017, regroupe des ost\u00e9opathes qui interviennent sur toute la France en entreprise. \u00a0 [&hellip;]<\/p>\n","protected":false},"author":2,"featured_media":0,"parent":0,"menu_order":4,"comment_status":"closed","ping_status":"closed","template":"","meta":{"footnotes":""},"_links":{"self":[{"href":"https:\/\/osteolana.fr\/index.php\/wp-json\/wp\/v2\/pages\/259"}],"collection":[{"href":"https:\/\/osteolana.fr\/index.php\/wp-json\/wp\/v2\/pages"}],"about":[{"href":"https:\/\/osteolana.fr\/index.php\/wp-json\/wp\/v2\/types\/page"}],"author":[{"embeddable":true,"href":"https:\/\/osteolana.fr\/index.php\/wp-json\/wp\/v2\/users\/2"}],"replies":[{"embeddable":true,"href":"https:\/\/osteolana.fr\/index.php\/wp-json\/wp\/v2\/comments?post=259"}],"version-history":[{"count":8,"href":"https:\/\/osteolana.fr\/index.php\/wp-json\/wp\/v2\/pages\/259\/revisions"}],"predecessor-version":[{"id":485,"href":"https:\/\/osteolana.fr\/index.php\/wp-json\/wp\/v2\/pages\/259\/revisions\/485"}],"wp:attachment":[{"href":"https:\/\/osteolana.fr\/index.php\/wp-json\/wp\/v2\/media?parent=259"}],"curies":[{"name":"wp","href":"https:\/\/api.w.org\/{rel}","templated":true}]}}